{"id":530,"date":"2023-06-12T15:16:44","date_gmt":"2023-06-12T15:16:44","guid":{"rendered":"https:\/\/optronica7.inoe.ro\/?page_id=530"},"modified":"2024-05-20T14:22:47","modified_gmt":"2024-05-20T14:22:47","slug":"proiect-1-diseminare","status":"publish","type":"page","link":"https:\/\/optronica7.inoe.ro\/?page_id=530","title":{"rendered":"Proiect 1 &#8211; Diseminare"},"content":{"rendered":"\n<div class=\"wp-block-query is-layout-flow wp-block-query-is-layout-flow\"><ul class=\"columns-3 wp-block-post-template has-small-font-size is-layout-grid wp-container-core-post-template-is-layout-2fc57c17 wp-block-post-template-is-layout-grid\"><li class=\"wp-block-post post-1796 post type-post status-publish format-standard hentry category-diseminare-proiect-1 entry\">\n<h3 style=\"font-style:normal;font-weight:600;\" class=\"has-text-align-left wp-block-post-title has-text-color has-foreground-color has-small-font-size\"><a href=\"https:\/\/optronica7.inoe.ro\/?p=1796\" target=\"_self\" >Material publicitar<\/a><\/h3>\n\n\n<div class=\"wp-block-group\"><div class=\"wp-block-group__inner-container is-layout-constrained wp-block-group-is-layout-constrained\"><div class=\"wp-block-post-excerpt has-xs-font-size\"><p class=\"wp-block-post-excerpt__excerpt\">Materialul publicitar con\u021bine informa\u021bii privind faza\u00a0Evaluarea cantit\u0103\u021bii de poluan\u021bi din apele pluviale transportate pe diverse suprafe\u021be urbane.Acesta s-a \u00eenc\u0103rcat pe canalele de\u00a0LinkedIn,\u00a0Facebook\u00a0\u0219i\u00a0ResearchGate.<\/p><p class=\"wp-block-post-excerpt__more-text\"><a class=\"wp-block-post-excerpt__more-link\" href=\"https:\/\/optronica7.inoe.ro\/?p=1796\">&#8230;<\/a><\/p><\/div><\/div><\/div>\n\n<\/li><li class=\"wp-block-post post-1793 post type-post status-publish format-standard hentry category-diseminare-proiect-1 entry\">\n<h3 style=\"font-style:normal;font-weight:600;\" class=\"has-text-align-left wp-block-post-title has-text-color has-foreground-color has-small-font-size\"><a href=\"https:\/\/optronica7.inoe.ro\/?p=1793\" target=\"_self\" >Material publicitar<\/a><\/h3>\n\n\n<div class=\"wp-block-group\"><div class=\"wp-block-group__inner-container is-layout-constrained wp-block-group-is-layout-constrained\"><div class=\"wp-block-post-excerpt has-xs-font-size\"><p class=\"wp-block-post-excerpt__excerpt\">Materialul publicitar con\u021bine informa\u021bii privind faza Studiul impactului fenomenului de crestere a radiatiei orizontale globale datorat norilor.Acesta a fost \u00eenc\u0103rcat pe pagina oficial\u0103 ACTRIS-RO de Linkedin.<\/p><p class=\"wp-block-post-excerpt__more-text\"><a class=\"wp-block-post-excerpt__more-link\" href=\"https:\/\/optronica7.inoe.ro\/?p=1793\">&#8230;<\/a><\/p><\/div><\/div><\/div>\n\n<\/li><li class=\"wp-block-post post-1791 post type-post status-publish format-standard hentry category-diseminare-proiect-1 entry\">\n<h3 style=\"font-style:normal;font-weight:600;\" class=\"has-text-align-left wp-block-post-title has-text-color has-foreground-color has-small-font-size\"><a href=\"https:\/\/optronica7.inoe.ro\/?p=1791\" target=\"_self\" >Comunicare \u0219tiin\u021bific\u0103 \u00een cadrul unei conferin\u021be na\u021bionale<\/a><\/h3>\n\n\n<div class=\"wp-block-group\"><div class=\"wp-block-group__inner-container is-layout-constrained wp-block-group-is-layout-constrained\"><div class=\"wp-block-post-excerpt has-xs-font-size\"><p class=\"wp-block-post-excerpt__excerpt\">Atmospheric science @ INOE: a collaborative approach at European scale and beyond\u201d, Dr. Doina Nicolae, prezentat\u0103 \u00een cadrul Third Joint Committee on Cooperation in the field of Science and Technology&hellip;<\/p><p class=\"wp-block-post-excerpt__more-text\"><a class=\"wp-block-post-excerpt__more-link\" href=\"https:\/\/optronica7.inoe.ro\/?p=1791\">&#8230;<\/a><\/p><\/div><\/div><\/div>\n\n<\/li><li class=\"wp-block-post post-1789 post type-post status-publish format-standard hentry category-diseminare-proiect-1 entry\">\n<h3 style=\"font-style:normal;font-weight:600;\" class=\"has-text-align-left wp-block-post-title has-text-color has-foreground-color has-small-font-size\"><a href=\"https:\/\/optronica7.inoe.ro\/?p=1789\" target=\"_self\" >Material publicitar<\/a><\/h3>\n\n\n<div class=\"wp-block-group\"><div class=\"wp-block-group__inner-container is-layout-constrained wp-block-group-is-layout-constrained\"><div class=\"wp-block-post-excerpt has-xs-font-size\"><p class=\"wp-block-post-excerpt__excerpt\">Materialul publicitar con\u021bine informa\u021bii privind scopul, obiectivele proiectului \u0219i rezultatele recent ob\u021binute \u00een faza\u00a0Dezvoltare Tehnologie transesterificare \u00een cataliz\u0103 bazic\u0103 \u00een vederea ob\u021binerii biocombustil din microalge.Acesta s-a \u00eenc\u0103rcat pe paginile oficiale&hellip;<\/p><p class=\"wp-block-post-excerpt__more-text\"><a class=\"wp-block-post-excerpt__more-link\" href=\"https:\/\/optronica7.inoe.ro\/?p=1789\">&#8230;<\/a><\/p><\/div><\/div><\/div>\n\n<\/li><li class=\"wp-block-post post-1787 post type-post status-publish format-standard hentry category-diseminare-proiect-1 entry\">\n<h3 style=\"font-style:normal;font-weight:600;\" class=\"has-text-align-left wp-block-post-title has-text-color has-foreground-color has-small-font-size\"><a href=\"https:\/\/optronica7.inoe.ro\/?p=1787\" target=\"_self\" >Comunic\u0103ri \u0219tiin\u021bifice \u00een cadrul unei conferin\u021be interna\u021bionale<\/a><\/h3>\n\n\n<div class=\"wp-block-group\"><div class=\"wp-block-group__inner-container is-layout-constrained wp-block-group-is-layout-constrained\"><div class=\"wp-block-post-excerpt has-xs-font-size\"><p class=\"wp-block-post-excerpt__excerpt\">Seasonal variability of fluorescence dissolved organic matter in peri-urban rivers, Elfrida M. Carstea, Simona I. Don\u021bu, Cristina L. Popa, prezentat\u0103 \u00een cadrul 9th European Conference on Water Sciences (ECWS-9), conferin\u021b\u0103&hellip;<\/p><p class=\"wp-block-post-excerpt__more-text\"><a class=\"wp-block-post-excerpt__more-link\" href=\"https:\/\/optronica7.inoe.ro\/?p=1787\">&#8230;<\/a><\/p><\/div><\/div><\/div>\n\n<\/li><li class=\"wp-block-post post-1784 post type-post status-publish format-standard hentry category-diseminare-proiect-1 entry\">\n<h3 style=\"font-style:normal;font-weight:600;\" class=\"has-text-align-left wp-block-post-title has-text-color has-foreground-color has-small-font-size\"><a href=\"https:\/\/optronica7.inoe.ro\/?p=1784\" target=\"_self\" >Material publicitar<\/a><\/h3>\n\n\n<div class=\"wp-block-group\"><div class=\"wp-block-group__inner-container is-layout-constrained wp-block-group-is-layout-constrained\"><div class=\"wp-block-post-excerpt has-xs-font-size\"><p class=\"wp-block-post-excerpt__excerpt\">Materialul publicitar con\u021bine informa\u021bii privind faza Determinarea variabilit\u0103\u021bii temporale a calit\u0103\u021bii apelor pluviale \u00een mediul urban.Acesta s-a \u00eenc\u0103rcat pe canalele de LinkedIn, Facebook \u0219i ResearchGate.<\/p><p class=\"wp-block-post-excerpt__more-text\"><a class=\"wp-block-post-excerpt__more-link\" href=\"https:\/\/optronica7.inoe.ro\/?p=1784\">&#8230;<\/a><\/p><\/div><\/div><\/div>\n\n<\/li><\/ul>\n\n<nav class=\"wp-block-query-pagination is-content-justification-center is-layout-flex wp-container-core-query-pagination-is-layout-16018d1d wp-block-query-pagination-is-layout-flex\" aria-label=\"Pagination\">\n\n\n<div class=\"wp-block-query-pagination-numbers\"><span aria-current=\"page\" class=\"page-numbers current\">1<\/span>\n<a class=\"page-numbers\" href=\"?query-8-page=2&#038;rest_route=%2Fwp%2Fv2%2Fpages%2F530\">2<\/a>\n<a class=\"page-numbers\" href=\"?query-8-page=3&#038;rest_route=%2Fwp%2Fv2%2Fpages%2F530\">3<\/a>\n<span class=\"page-numbers dots\">&hellip;<\/span>\n<a class=\"page-numbers\" href=\"?query-8-page=22&#038;rest_route=%2Fwp%2Fv2%2Fpages%2F530\">22<\/a><\/div>\n\n<a href=\"\/index.php?rest_route=%2Fwp%2Fv2%2Fpages%2F530&#038;query-8-page=2\" class=\"wp-block-query-pagination-next\">Next Page<\/a>\n<\/nav><\/div>\n","protected":false},"excerpt":{"rendered":"","protected":false},"author":1,"featured_media":0,"parent":0,"menu_order":0,"comment_status":"closed","ping_status":"closed","template":"","meta":{"_editorskit_title_hidden":false,"_editorskit_reading_time":0,"_editorskit_is_block_options_detached":false,"_editorskit_block_options_position":"{}","footnotes":""},"class_list":["post-530","page","type-page","status-publish","hentry","entry"],"_links":{"self":[{"href":"https:\/\/optronica7.inoe.ro\/index.php?rest_route=\/wp\/v2\/pages\/530","targetHints":{"allow":["GET"]}}],"collection":[{"href":"https:\/\/optronica7.inoe.ro\/index.php?rest_route=\/wp\/v2\/pages"}],"about":[{"href":"https:\/\/optronica7.inoe.ro\/index.php?rest_route=\/wp\/v2\/types\/page"}],"author":[{"embeddable":true,"href":"https:\/\/optronica7.inoe.ro\/index.php?rest_route=\/wp\/v2\/users\/1"}],"replies":[{"embeddable":true,"href":"https:\/\/optronica7.inoe.ro\/index.php?rest_route=%2Fwp%2Fv2%2Fcomments&post=530"}],"version-history":[{"count":12,"href":"https:\/\/optronica7.inoe.ro\/index.php?rest_route=\/wp\/v2\/pages\/530\/revisions"}],"predecessor-version":[{"id":1362,"href":"https:\/\/optronica7.inoe.ro\/index.php?rest_route=\/wp\/v2\/pages\/530\/revisions\/1362"}],"wp:attachment":[{"href":"https:\/\/optronica7.inoe.ro\/index.php?rest_route=%2Fwp%2Fv2%2Fmedia&parent=530"}],"curies":[{"name":"wp","href":"https:\/\/api.w.org\/{rel}","templated":true}]}}